











	
{"id":285,"date":"2022-05-02T14:48:44","date_gmt":"2022-05-02T17:48:44","guid":{"rendered":"https:\/\/ulbra-to.br\/caos\/?post_type=artigo&#038;p=285"},"modified":"2022-05-02T14:48:45","modified_gmt":"2022-05-02T17:48:45","slug":"acessibilidade-digital-uma-analise-de-websites-da-justica-federal-do-estado-do-tocantins-na-percepcao-do-deficiente-visual","status":"publish","type":"artigo","link":"https:\/\/ulbra-to.br\/caos\/artigo\/acessibilidade-digital-uma-analise-de-websites-da-justica-federal-do-estado-do-tocantins-na-percepcao-do-deficiente-visual\/","title":{"rendered":"ACESSIBILIDADE DIGITAL: UMA AN\u00c1LISE DE WEBSITES DA JUSTI\u00c7A FEDERAL DO ESTADO DO TOCANTINS NA PERCEP\u00c7\u00c3O DO DEFICIENTE VISUAL"},"content":{"rendered":"\n<p>Assegura-se a pessoa com defici\u00eancia o direito de acesso \u00e0 informa\u00e7\u00e3o e disponibiliza\u00e7\u00e3o de recursos de comunica\u00e7\u00e3o acess\u00edveis, conforme a Resolu\u00e7\u00e3o N\u00aa 401\/2021 do Conselho Nacional de Justi\u00e7a \u2013 CNJ que disp\u00f5e sobre o desenvolvimento de diretrizes de acessibilidade e inclus\u00e3o de pessoas com defici\u00eancia nos \u00f3rg\u00e3os do Poder Judici\u00e1rio e de seus servi\u00e7os auxiliares, e regulamenta o funcionamento de unidades de acessibilidade e inclus\u00e3o, todavia para tornar a informa\u00e7\u00e3o dispon\u00edvel e acess\u00edvel o Poder Judici\u00e1rio atrav\u00e9s de suas entidades aderiram ao Modelo de Acessibilidade em Governo Eletr\u00f4nico (eMAG) do Poder Executivo concernente \u00e0 acessibilidade digital. Este trabalho realizou uma an\u00e1lise de 16 (dezesseis) websites da Justi\u00e7a Federal do Estado do Tocantins ao (eMAG) pautada nas recomenda\u00e7\u00f5es definidas pela eMAG em consoante com as pr\u00e1ticas Web acess\u00edveis: t\u00edtulos, links, imagens, documentos para download, contraste e multim\u00eddia bem com por meio do Avaliador e Simulador de Acessibilidade em S\u00edtios da Secretaria do Governo Federal \u2013 ASES possuindo como objetivo a ader\u00eancia ao eMAG.<\/p>\n","protected":false},"template":"","categories":[],"tags":[],"_links":{"self":[{"href":"https:\/\/ulbra-to.br\/caos\/wp-json\/wp\/v2\/artigo\/285"}],"collection":[{"href":"https:\/\/ulbra-to.br\/caos\/wp-json\/wp\/v2\/artigo"}],"about":[{"href":"https:\/\/ulbra-to.br\/caos\/wp-json\/wp\/v2\/types\/artigo"}],"version-history":[{"count":1,"href":"https:\/\/ulbra-to.br\/caos\/wp-json\/wp\/v2\/artigo\/285\/revisions"}],"predecessor-version":[{"id":286,"href":"https:\/\/ulbra-to.br\/caos\/wp-json\/wp\/v2\/artigo\/285\/revisions\/286"}],"wp:attachment":[{"href":"https:\/\/ulbra-to.br\/caos\/wp-json\/wp\/v2\/media?parent=285"}],"wp:term":[{"taxonomy":"category","embeddable":true,"href":"https:\/\/ulbra-to.br\/caos\/wp-json\/wp\/v2\/categories?post=285"},{"taxonomy":"post_tag","embeddable":true,"href":"https:\/\/ulbra-to.br\/caos\/wp-json\/wp\/v2\/tags?post=285"}],"curies":[{"name":"wp","href":"https:\/\/api.w.org\/{rel}","templated":true}]}}