











	
{"id":287,"date":"2022-05-02T14:50:05","date_gmt":"2022-05-02T17:50:05","guid":{"rendered":"https:\/\/ulbra-to.br\/caos\/?post_type=artigo&#038;p=287"},"modified":"2022-05-02T14:50:05","modified_gmt":"2022-05-02T17:50:05","slug":"adoecimento-psiquico-dos-profissionais-que-prestam-cuidados-intensivos","status":"publish","type":"artigo","link":"https:\/\/ulbra-to.br\/caos\/artigo\/adoecimento-psiquico-dos-profissionais-que-prestam-cuidados-intensivos\/","title":{"rendered":"ADOECIMENTO PS\u00cdQUICO DOS PROFISSIONAIS QUE PRESTAM CUIDADOS INTENSIVOS"},"content":{"rendered":"\n<p>O presente estudo tem por objetivo discutir os fatores associados ao adoecimento ps\u00edquico nos profissionais que prestam assist\u00eancia \u00e0 sa\u00fade em Unidades de Terapia Intensiva. Trata-se de uma pesquisa de revis\u00e3o narrativa com finalidade metodol\u00f3gica b\u00e1sica de natureza qualitativa. Para alcan\u00e7ar os objetivos estabelecidos, examinou-se os materiais dispostos na literatura entre os per\u00edodos de 2012 a 2021, nas plataformas de pesquisa da BVS, BVS- PSI, PubMed, SciELO, Medline-Bireme e Portal CAPES. Os resultados foram fixados em 14 artigos e 1 disserta\u00e7\u00e3o de mestrado e evidenciaram que os principais fatores associados ao adoecimento ps\u00edquico referem-se \u00e0s intensas cargas de trabalho, aos conflitos entre a equipe, a predomin\u00e2ncia do sexo feminino na categoria de enfermagem, o contexto pand\u00eamico da covid-19 e as dificuldades de lidar com a morte dos pacientes. Quanto \u00e0s psicopatologias, as que tiveram maior destaque foram o estresse como sofrimento decorrente do trabalho, a s\u00edndrome de Burnout, ansiedade, depress\u00e3o, TEPT, entre outros. N\u00e3o foi identificado nos artigos selecionados, iniciativa por parte dos profissionais intensivistas no que concerne \u00e0 busca por tratamento do adoecimento ps\u00edquico. Na an\u00e1lise da literatura acerca dos impactos gerados pela pandemia, percebeu-se um agravamento das psicopatologias j\u00e1 existentes e a manifesta\u00e7\u00e3o do TEPT. Conclui-se que as rela\u00e7\u00f5es estabelecidas no contexto de trabalho s\u00e3o capazes de produzir adoecimento ou potencializar enfrentamento diante dos conflitos.<\/p>\n","protected":false},"template":"","categories":[],"tags":[],"_links":{"self":[{"href":"https:\/\/ulbra-to.br\/caos\/wp-json\/wp\/v2\/artigo\/287"}],"collection":[{"href":"https:\/\/ulbra-to.br\/caos\/wp-json\/wp\/v2\/artigo"}],"about":[{"href":"https:\/\/ulbra-to.br\/caos\/wp-json\/wp\/v2\/types\/artigo"}],"version-history":[{"count":1,"href":"https:\/\/ulbra-to.br\/caos\/wp-json\/wp\/v2\/artigo\/287\/revisions"}],"predecessor-version":[{"id":288,"href":"https:\/\/ulbra-to.br\/caos\/wp-json\/wp\/v2\/artigo\/287\/revisions\/288"}],"wp:attachment":[{"href":"https:\/\/ulbra-to.br\/caos\/wp-json\/wp\/v2\/media?parent=287"}],"wp:term":[{"taxonomy":"category","embeddable":true,"href":"https:\/\/ulbra-to.br\/caos\/wp-json\/wp\/v2\/categories?post=287"},{"taxonomy":"post_tag","embeddable":true,"href":"https:\/\/ulbra-to.br\/caos\/wp-json\/wp\/v2\/tags?post=287"}],"curies":[{"name":"wp","href":"https:\/\/api.w.org\/{rel}","templated":true}]}}