











	
{"id":291,"date":"2022-05-02T14:52:55","date_gmt":"2022-05-02T17:52:55","guid":{"rendered":"https:\/\/ulbra-to.br\/caos\/?post_type=artigo&#038;p=291"},"modified":"2022-05-02T14:52:55","modified_gmt":"2022-05-02T17:52:55","slug":"a-importancia-do-grupo-terapeutico-para-mulheres-que-sofreram-abusos-em-relacionamentos-amorosos","status":"publish","type":"artigo","link":"https:\/\/ulbra-to.br\/caos\/artigo\/a-importancia-do-grupo-terapeutico-para-mulheres-que-sofreram-abusos-em-relacionamentos-amorosos\/","title":{"rendered":"A IMPORT\u00c2NCIA DO GRUPO TERAP\u00caUTICO PARA MULHERES QUE SOFRERAM ABUSOS EM RELACIONAMENTOS AMOROSOS"},"content":{"rendered":"\n<p>Ainda que se busque combater diariamente a viol\u00eancia contra a mulher, \u00e9 not\u00e1vel que elas sejam a maioria das v\u00edtimas de relacionamentos abusivos, e observa-se que dificilmente essas mulheres conseguem sair dessas rela\u00e7\u00f5es. Neste artigo, fruto de uma interven\u00e7\u00e3o em grupo que usou m\u00e9todo indutivo-qualitativo, buscou-se inserir discuss\u00f5es dial\u00e9ticas, correlacionando as experi\u00eancias vividas \u00e0 vis\u00e3o Junguiana, que possibilitassem \u00e0s mulheres que estiveram em rela\u00e7\u00f5es abusivas ampliar sua vis\u00e3o acerca das raz\u00f5es para serem consideradas socialmente como \u201calvo mais f\u00e1cil\u201d desse tipo de abuso e de que forma podem se fortalecer para n\u00e3o retornar a esse modelo de rela\u00e7\u00e3o. Dessa forma, verificou-se que os objetivos do grupo terap\u00eautico foram alcan\u00e7ados.<\/p>\n","protected":false},"template":"","categories":[],"tags":[],"_links":{"self":[{"href":"https:\/\/ulbra-to.br\/caos\/wp-json\/wp\/v2\/artigo\/291"}],"collection":[{"href":"https:\/\/ulbra-to.br\/caos\/wp-json\/wp\/v2\/artigo"}],"about":[{"href":"https:\/\/ulbra-to.br\/caos\/wp-json\/wp\/v2\/types\/artigo"}],"version-history":[{"count":1,"href":"https:\/\/ulbra-to.br\/caos\/wp-json\/wp\/v2\/artigo\/291\/revisions"}],"predecessor-version":[{"id":292,"href":"https:\/\/ulbra-to.br\/caos\/wp-json\/wp\/v2\/artigo\/291\/revisions\/292"}],"wp:attachment":[{"href":"https:\/\/ulbra-to.br\/caos\/wp-json\/wp\/v2\/media?parent=291"}],"wp:term":[{"taxonomy":"category","embeddable":true,"href":"https:\/\/ulbra-to.br\/caos\/wp-json\/wp\/v2\/categories?post=291"},{"taxonomy":"post_tag","embeddable":true,"href":"https:\/\/ulbra-to.br\/caos\/wp-json\/wp\/v2\/tags?post=291"}],"curies":[{"name":"wp","href":"https:\/\/api.w.org\/{rel}","templated":true}]}}